{"id":326,"date":"2021-12-23T10:29:07","date_gmt":"2021-12-23T10:29:07","guid":{"rendered":"https:\/\/karate-uster.ch\/?page_id=326"},"modified":"2026-05-28T07:19:42","modified_gmt":"2026-05-28T07:19:42","slug":"test","status":"publish","type":"page","link":"https:\/\/karate-uster.ch\/?page_id=326","title":{"rendered":"Kinderkurs 2026"},"content":{"rendered":"<p>Wo? alte Turnhalle Schulhaus Hasenb\u00fchl<\/p>\n<p>Wann? ab Mittwoch, 9. September 2026 von 18.00 \u2013 19.00 Uhr bis zu den Weihnachtsferien<br \/>\nWer? Kinder ab 6 Jahre<\/p>\n<p>Bei Wem? Nieves Tommasi, 2. Dan Karate und Roland Schenkel, 4. Dan Karate<\/p>\n<p>Wieviel? ganzer Kurs Fr. 80.00<\/p>\n<p>Kleidung? Trainerhose &amp; T-Shirt, barfuss<\/p>\n<p>Anmeldung? info@karate-uster.ch und es wird Ihnen ein Anmeldeformular zugestellt<\/p>\n","protected":false},"excerpt":{"rendered":"<p>Wo? alte Turnhalle Schulhaus Hasenb\u00fchl Wann? ab Mittwoch, 9. September 2026 von 18.00 \u2013 19.00 Uhr bis zu den Weihnachtsferien Wer? Kinder ab 6 Jahre Bei Wem? Nieves Tommasi, 2. Dan Karate und Roland&#46;&#46;&#46;<\/p>\n","protected":false},"author":4,"featured_media":0,"parent":0,"menu_order":0,"comment_status":"closed","ping_status":"closed","template":"","meta":{"footnotes":""},"class_list":["post-326","page","type-page","status-publish","hentry"],"jetpack_sharing_enabled":true,"jetpack_shortlink":"https:\/\/wp.me\/P7DZwL-5g","jetpack-related-posts":[{"id":762,"url":"https:\/\/karate-uster.ch\/?page_id=762","url_meta":{"origin":326,"position":0},"title":"SKR Fr\u00fchlingsturnier 2026 in Dagmersellen","author":"Roland Schenkel","date":"April 6, 2026","format":false,"excerpt":"SKR Fr\u00fchlingsturnier in Dagmersellen 2026 Am vergangenen Sonntag erfolgte das SKR Fr\u00fchlingsturnier in Dagmersellen. Die vierk\u00f6pfige Delegation des Karate Kai Uster erreichte dabei zwei Podestpl\u00e4tze. Dies, obschon das Ensemble etwas m\u00fcde angereist war, hatte es doch am Samstag noch ein intensives Wettkampftraining zu absolvieren. Herzlichen Gl\u00fcckwunsch: Fortuna: Kihon Ippon Kumite\u2026","rel":"","context":"\u00c4hnlicher Beitrag","block_context":{"text":"\u00c4hnlicher Beitrag","link":""},"img":{"alt_text":"","src":"https:\/\/i0.wp.com\/karate-uster.ch\/wp-content\/uploads\/2026\/04\/IMG_5680-Klein-300x225.jpeg?resize=350%2C200&ssl=1","width":350,"height":200},"classes":[]},{"id":18,"url":"https:\/\/karate-uster.ch\/?page_id=18","url_meta":{"origin":326,"position":1},"title":"Unsere Zielsetzung","author":"Gabriel Rimann","date":"Mai 6, 2014","format":false,"excerpt":"Karatedo \u00a0 Karate\u00a0wird\u00a0bei uns als Kampfkunst betrieben. Das Training basiert auf einem langen Aufbautraining, dass die geistigen Elemente wie auch den K\u00f6rper schulen sollen. Der Karate Kai Uster ist Mitglied der Swiss Karate Federation (SKF) und trainiert unter Leitung von Roland Schenkel, 4. Dan SKF\/SKR\/JKA den\u00a0Stil\u00a0\u201eShotokan\u201c nach den Richtlinien der\u2026","rel":"","context":"\u00c4hnlicher Beitrag","block_context":{"text":"\u00c4hnlicher Beitrag","link":""},"img":{"alt_text":"","src":"","width":0,"height":0},"classes":[]},{"id":12,"url":"https:\/\/karate-uster.ch\/?page_id=12","url_meta":{"origin":326,"position":2},"title":"Ueber uns","author":"Gabriel Rimann","date":"Mai 6, 2014","format":false,"excerpt":"Der Karate Kai Uster bietet Kindertraining Erwachsenentraining Wettkampftraining Kadertraining Aktive Teilnahme an nationalen und internationalen Wettk\u00e4mpfen Der Karate Kai Uster ist Mitglied Des Schweizerischen Karate Verbandes (SKV) Der Sektion Swiss Karatedo Renmei (SKR) Der Japan Karate Association (JKA) Leiter: Roland Schenkel, 4. Dan, SKV\/SKR, Diplomtrainer SKV, Jugend & Sport Leiter\u2026","rel":"","context":"\u00c4hnlicher Beitrag","block_context":{"text":"\u00c4hnlicher Beitrag","link":""},"img":{"alt_text":"","src":"","width":0,"height":0},"classes":[]},{"id":754,"url":"https:\/\/karate-uster.ch\/?page_id=754","url_meta":{"origin":326,"position":3},"title":"Turniere und Wettkampfteilnahmen","author":"Roland Schenkel","date":"April 6, 2026","format":false,"excerpt":"Karate Kai Uster nimmt mit den Karateka (Kinder, Jugendliche, Erwachsene) an Turnieren und Wettk\u00e4mpfen teil.","rel":"","context":"\u00c4hnlicher Beitrag","block_context":{"text":"\u00c4hnlicher Beitrag","link":""},"img":{"alt_text":"","src":"","width":0,"height":0},"classes":[]},{"id":760,"url":"https:\/\/karate-uster.ch\/?page_id=760","url_meta":{"origin":326,"position":4},"title":"Lee Wyden Cup 2025 in Merenschwand","author":"Roland Schenkel","date":"April 6, 2026","format":false,"excerpt":"\u00a0 Zw\u00f6lf Medaillen am Lee Wyden Cup 2025 \u00a0 Gl\u00e4nzend schnitt am vergangenen Samstag die Ustermer Karateka am Lee Wyden Cup ab. Die siebzehnk\u00f6pfige Ustermer Delegation kehrte gleich mit zw\u00f6lf Medaillen nach Hause zur\u00fcck. Ein herzliches Dankesch\u00f6n gilt auch allen Coaches, Schiedsrichtern und Eltern die ihre Kinder begleiteten. Die Medaillen\u2026","rel":"","context":"\u00c4hnlicher Beitrag","block_context":{"text":"\u00c4hnlicher Beitrag","link":""},"img":{"alt_text":"Lee Wyden Cup 2025","src":"https:\/\/i0.wp.com\/karate-uster.ch\/wp-content\/uploads\/2025\/11\/WhatsApp-Image-2025-11-23-at-16.01.42-1024x768.jpeg?resize=350%2C200","width":350,"height":200,"srcset":"https:\/\/i0.wp.com\/karate-uster.ch\/wp-content\/uploads\/2025\/11\/WhatsApp-Image-2025-11-23-at-16.01.42-1024x768.jpeg?resize=350%2C200 1x, https:\/\/i0.wp.com\/karate-uster.ch\/wp-content\/uploads\/2025\/11\/WhatsApp-Image-2025-11-23-at-16.01.42-1024x768.jpeg?resize=525%2C300 1.5x, https:\/\/i0.wp.com\/karate-uster.ch\/wp-content\/uploads\/2025\/11\/WhatsApp-Image-2025-11-23-at-16.01.42-1024x768.jpeg?resize=700%2C400 2x"},"classes":[]},{"id":96,"url":"https:\/\/karate-uster.ch\/?page_id=96","url_meta":{"origin":326,"position":5},"title":"Kyusho Dan-Pr\u00fcfung 2013","author":"Gabriel Rimann","date":"Juli 22, 2014","format":false,"excerpt":"","rel":"","context":"\u00c4hnlicher Beitrag","block_context":{"text":"\u00c4hnlicher Beitrag","link":""},"img":{"alt_text":"","src":"","width":0,"height":0},"classes":[]}],"_links":{"self":[{"href":"https:\/\/karate-uster.ch\/index.php?rest_route=\/wp\/v2\/pages\/326","targetHints":{"allow":["GET"]}}],"collection":[{"href":"https:\/\/karate-uster.ch\/index.php?rest_route=\/wp\/v2\/pages"}],"about":[{"href":"https:\/\/karate-uster.ch\/index.php?rest_route=\/wp\/v2\/types\/page"}],"author":[{"embeddable":true,"href":"https:\/\/karate-uster.ch\/index.php?rest_route=\/wp\/v2\/users\/4"}],"replies":[{"embeddable":true,"href":"https:\/\/karate-uster.ch\/index.php?rest_route=%2Fwp%2Fv2%2Fcomments&post=326"}],"version-history":[{"count":20,"href":"https:\/\/karate-uster.ch\/index.php?rest_route=\/wp\/v2\/pages\/326\/revisions"}],"predecessor-version":[{"id":799,"href":"https:\/\/karate-uster.ch\/index.php?rest_route=\/wp\/v2\/pages\/326\/revisions\/799"}],"wp:attachment":[{"href":"https:\/\/karate-uster.ch\/index.php?rest_route=%2Fwp%2Fv2%2Fmedia&parent=326"}],"curies":[{"name":"wp","href":"https:\/\/api.w.org\/{rel}","templated":true}]}}